{"id":1591,"date":"2023-04-29T11:15:08","date_gmt":"2023-04-29T09:15:08","guid":{"rendered":"https:\/\/pac-inmatriculari.ro\/?page_id=1591"},"modified":"2026-01-24T12:08:26","modified_gmt":"2026-01-24T10:08:26","slug":"inchiriere-auto","status":"publish","type":"page","link":"https:\/\/pac-inmatriculari.ro\/en\/inchiriere-auto\/","title":{"rendered":"Car rental"},"content":{"rendered":"<div data-elementor-type=\"wp-page\" data-elementor-id=\"1591\" class=\"elementor elementor-1591\">\n\t\t\t\t\t\t<section class=\"elementor-section elementor-top-section elementor-element elementor-element-6bd2784 elementor-section-boxed elementor-section-height-default elementor-section-height-default\" data-id=\"6bd2784\" data-element_type=\"section\" data-e-type=\"section\">\n\t\t\t\t\t\t<div class=\"elementor-container elementor-column-gap-default\">\n\t\t\t\t\t<div class=\"elementor-column elementor-col-50 elementor-top-column elementor-element elementor-element-285e80b\" data-id=\"285e80b\" data-element_type=\"column\" data-e-type=\"column\">\n\t\t\t<div class=\"elementor-widget-wrap elementor-element-populated\">\n\t\t\t\t\t\t<section class=\"elementor-section elementor-inner-section elementor-element elementor-element-1b6a0be elementor-section-boxed elementor-section-height-default elementor-section-height-default\" data-id=\"1b6a0be\" data-element_type=\"section\" data-e-type=\"section\">\n\t\t\t\t\t\t<div class=\"elementor-container elementor-column-gap-default\">\n\t\t\t\t\t<div class=\"elementor-column elementor-col-50 elementor-inner-column elementor-element elementor-element-afb39dc\" data-id=\"afb39dc\" data-element_type=\"column\" data-e-type=\"column\">\n\t\t\t<div class=\"elementor-widget-wrap elementor-element-populated\">\n\t\t\t\t\t\t<div class=\"elementor-element elementor-element-364d221 elementor-widget elementor-widget-image\" data-id=\"364d221\" data-element_type=\"widget\" data-e-type=\"widget\" data-widget_type=\"image.default\">\n\t\t\t\t<div class=\"elementor-widget-container\">\n\t\t\t\t\t\t\t\t\t\t\t\t<figure class=\"wp-caption\">\n\t\t\t\t\t\t\t\t\t\t\t<a href=\"https:\/\/pac-inmatriculari.ro\/wp-content\/uploads\/2023\/11\/IMG-20230421-WA0049.jpg\" data-elementor-open-lightbox=\"yes\" data-elementor-lightbox-title=\"Skoda Fabia 2018\" data-e-action-hash=\"#elementor-action%3Aaction%3Dlightbox%26settings%3DeyJpZCI6MTY4NiwidXJsIjoiaHR0cHM6XC9cL3BhYy1pbm1hdHJpY3VsYXJpLnJvXC93cC1jb250ZW50XC91cGxvYWRzXC8yMDIzXC8xMVwvSU1HLTIwMjMwNDIxLVdBMDA0OS5qcGcifQ%3D%3D\">\n\t\t\t\t\t\t\t<img fetchpriority=\"high\" decoding=\"async\" width=\"800\" height=\"600\" src=\"https:\/\/pac-inmatriculari.ro\/wp-content\/uploads\/2023\/11\/IMG-20230421-WA0049-1024x768.jpg\" class=\"attachment-large size-large wp-image-1686\" alt=\"\" srcset=\"https:\/\/pac-inmatriculari.ro\/wp-content\/uploads\/2023\/11\/IMG-20230421-WA0049-1024x768.jpg 1024w, https:\/\/pac-inmatriculari.ro\/wp-content\/uploads\/2023\/11\/IMG-20230421-WA0049-300x225.jpg 300w, https:\/\/pac-inmatriculari.ro\/wp-content\/uploads\/2023\/11\/IMG-20230421-WA0049-768x576.jpg 768w, https:\/\/pac-inmatriculari.ro\/wp-content\/uploads\/2023\/11\/IMG-20230421-WA0049-1536x1152.jpg 1536w, https:\/\/pac-inmatriculari.ro\/wp-content\/uploads\/2023\/11\/IMG-20230421-WA0049.jpg 2048w\" sizes=\"(max-width: 800px) 100vw, 800px\" \/>\t\t\t\t\t\t\t\t<\/a>\n\t\t\t\t\t\t\t\t\t\t\t<figcaption class=\"widget-image-caption wp-caption-text\">Skoda Fabia 2018<\/figcaption>\n\t\t\t\t\t\t\t\t\t\t<\/figure>\n\t\t\t\t\t\t\t\t\t<\/div>\n\t\t\t\t<\/div>\n\t\t\t\t\t<\/div>\n\t\t<\/div>\n\t\t\t\t<div class=\"elementor-column elementor-col-50 elementor-inner-column elementor-element elementor-element-c5026a1\" data-id=\"c5026a1\" data-element_type=\"column\" data-e-type=\"column\">\n\t\t\t<div class=\"elementor-widget-wrap elementor-element-populated\">\n\t\t\t\t\t\t<div class=\"elementor-element elementor-element-3df60b5 elementor-widget elementor-widget-image\" data-id=\"3df60b5\" data-element_type=\"widget\" data-e-type=\"widget\" data-widget_type=\"image.default\">\n\t\t\t\t<div class=\"elementor-widget-container\">\n\t\t\t\t\t\t\t\t\t\t\t\t<figure class=\"wp-caption\">\n\t\t\t\t\t\t\t\t\t\t\t<a href=\"https:\/\/pac-inmatriculari.ro\/wp-content\/uploads\/2023\/12\/IMG-20231209-WA0015.jpg\" data-elementor-open-lightbox=\"yes\" data-elementor-lightbox-title=\"Renault Megane 2016\" data-e-action-hash=\"#elementor-action%3Aaction%3Dlightbox%26settings%3DeyJpZCI6MTcwMywidXJsIjoiaHR0cHM6XC9cL3BhYy1pbm1hdHJpY3VsYXJpLnJvXC93cC1jb250ZW50XC91cGxvYWRzXC8yMDIzXC8xMlwvSU1HLTIwMjMxMjA5LVdBMDAxNS5qcGcifQ%3D%3D\">\n\t\t\t\t\t\t\t<img decoding=\"async\" width=\"800\" height=\"600\" src=\"https:\/\/pac-inmatriculari.ro\/wp-content\/uploads\/2023\/12\/IMG-20231209-WA0015-1024x768.jpg\" class=\"attachment-large size-large wp-image-1703\" alt=\"\" srcset=\"https:\/\/pac-inmatriculari.ro\/wp-content\/uploads\/2023\/12\/IMG-20231209-WA0015-1024x768.jpg 1024w, https:\/\/pac-inmatriculari.ro\/wp-content\/uploads\/2023\/12\/IMG-20231209-WA0015-300x225.jpg 300w, https:\/\/pac-inmatriculari.ro\/wp-content\/uploads\/2023\/12\/IMG-20231209-WA0015-768x576.jpg 768w, https:\/\/pac-inmatriculari.ro\/wp-content\/uploads\/2023\/12\/IMG-20231209-WA0015-1536x1152.jpg 1536w, https:\/\/pac-inmatriculari.ro\/wp-content\/uploads\/2023\/12\/IMG-20231209-WA0015.jpg 2048w\" sizes=\"(max-width: 800px) 100vw, 800px\" \/>\t\t\t\t\t\t\t\t<\/a>\n\t\t\t\t\t\t\t\t\t\t\t<figcaption class=\"widget-image-caption wp-caption-text\">Renault Megane 2016<\/figcaption>\n\t\t\t\t\t\t\t\t\t\t<\/figure>\n\t\t\t\t\t\t\t\t\t<\/div>\n\t\t\t\t<\/div>\n\t\t\t\t\t<\/div>\n\t\t<\/div>\n\t\t\t\t\t<\/div>\n\t\t<\/section>\n\t\t\t\t\t<\/div>\n\t\t<\/div>\n\t\t\t\t<div class=\"elementor-column elementor-col-50 elementor-top-column elementor-element elementor-element-52ab154\" data-id=\"52ab154\" data-element_type=\"column\" data-e-type=\"column\">\n\t\t\t<div class=\"elementor-widget-wrap elementor-element-populated\">\n\t\t\t\t\t\t<section class=\"elementor-section elementor-inner-section elementor-element elementor-element-23113f0 elementor-section-boxed elementor-section-height-default elementor-section-height-default\" data-id=\"23113f0\" data-element_type=\"section\" data-e-type=\"section\">\n\t\t\t\t\t\t<div class=\"elementor-container elementor-column-gap-default\">\n\t\t\t\t\t<div class=\"elementor-column elementor-col-50 elementor-inner-column elementor-element elementor-element-f2dba4c\" data-id=\"f2dba4c\" data-element_type=\"column\" data-e-type=\"column\">\n\t\t\t<div class=\"elementor-widget-wrap elementor-element-populated\">\n\t\t\t\t\t\t<div class=\"elementor-element elementor-element-3277583 elementor-widget elementor-widget-image\" data-id=\"3277583\" data-element_type=\"widget\" data-e-type=\"widget\" data-widget_type=\"image.default\">\n\t\t\t\t<div class=\"elementor-widget-container\">\n\t\t\t\t\t\t\t\t\t\t\t\t<figure class=\"wp-caption\">\n\t\t\t\t\t\t\t\t\t\t\t<a href=\"https:\/\/pac-inmatriculari.ro\/wp-content\/uploads\/2024\/06\/IMG-20240524-WA0019.jpg\" data-elementor-open-lightbox=\"yes\" data-elementor-lightbox-title=\"Dacia Logan 2019\" data-e-action-hash=\"#elementor-action%3Aaction%3Dlightbox%26settings%3DeyJpZCI6MTc2MCwidXJsIjoiaHR0cHM6XC9cL3BhYy1pbm1hdHJpY3VsYXJpLnJvXC93cC1jb250ZW50XC91cGxvYWRzXC8yMDI0XC8wNlwvSU1HLTIwMjQwNTI0LVdBMDAxOS5qcGcifQ%3D%3D\">\n\t\t\t\t\t\t\t<img decoding=\"async\" width=\"800\" height=\"600\" src=\"https:\/\/pac-inmatriculari.ro\/wp-content\/uploads\/2024\/06\/IMG-20240524-WA0019-1024x768.jpg\" class=\"attachment-large size-large wp-image-1760\" alt=\"\" srcset=\"https:\/\/pac-inmatriculari.ro\/wp-content\/uploads\/2024\/06\/IMG-20240524-WA0019-1024x768.jpg 1024w, https:\/\/pac-inmatriculari.ro\/wp-content\/uploads\/2024\/06\/IMG-20240524-WA0019-300x225.jpg 300w, https:\/\/pac-inmatriculari.ro\/wp-content\/uploads\/2024\/06\/IMG-20240524-WA0019-768x576.jpg 768w, https:\/\/pac-inmatriculari.ro\/wp-content\/uploads\/2024\/06\/IMG-20240524-WA0019-1536x1152.jpg 1536w, https:\/\/pac-inmatriculari.ro\/wp-content\/uploads\/2024\/06\/IMG-20240524-WA0019.jpg 2048w\" sizes=\"(max-width: 800px) 100vw, 800px\" \/>\t\t\t\t\t\t\t\t<\/a>\n\t\t\t\t\t\t\t\t\t\t\t<figcaption class=\"widget-image-caption wp-caption-text\">Dacia Logan 2019<\/figcaption>\n\t\t\t\t\t\t\t\t\t\t<\/figure>\n\t\t\t\t\t\t\t\t\t<\/div>\n\t\t\t\t<\/div>\n\t\t\t\t\t<\/div>\n\t\t<\/div>\n\t\t\t\t<div class=\"elementor-column elementor-col-50 elementor-inner-column elementor-element elementor-element-c9146b9\" data-id=\"c9146b9\" data-element_type=\"column\" data-e-type=\"column\">\n\t\t\t<div class=\"elementor-widget-wrap elementor-element-populated\">\n\t\t\t\t\t\t<div class=\"elementor-element elementor-element-6a02cd6 elementor-widget elementor-widget-image\" data-id=\"6a02cd6\" data-element_type=\"widget\" data-e-type=\"widget\" data-widget_type=\"image.default\">\n\t\t\t\t<div class=\"elementor-widget-container\">\n\t\t\t\t\t\t\t\t\t\t\t\t<figure class=\"wp-caption\">\n\t\t\t\t\t\t\t\t\t\t\t<a href=\"https:\/\/pac-inmatriculari.ro\/wp-content\/uploads\/2025\/05\/IMG_0065-scaled.jpg\" data-elementor-open-lightbox=\"yes\" data-elementor-lightbox-title=\"IMG_0065\" data-e-action-hash=\"#elementor-action%3Aaction%3Dlightbox%26settings%3DeyJpZCI6MTgwNSwidXJsIjoiaHR0cHM6XC9cL3BhYy1pbm1hdHJpY3VsYXJpLnJvXC93cC1jb250ZW50XC91cGxvYWRzXC8yMDI1XC8wNVwvSU1HXzAwNjUtc2NhbGVkLmpwZyJ9\">\n\t\t\t\t\t\t\t<img loading=\"lazy\" decoding=\"async\" width=\"800\" height=\"600\" src=\"https:\/\/pac-inmatriculari.ro\/wp-content\/uploads\/2025\/05\/IMG_0065-1024x768.jpg\" class=\"attachment-large size-large wp-image-1805\" alt=\"\" srcset=\"https:\/\/pac-inmatriculari.ro\/wp-content\/uploads\/2025\/05\/IMG_0065-1024x768.jpg 1024w, https:\/\/pac-inmatriculari.ro\/wp-content\/uploads\/2025\/05\/IMG_0065-300x225.jpg 300w, https:\/\/pac-inmatriculari.ro\/wp-content\/uploads\/2025\/05\/IMG_0065-768x576.jpg 768w, https:\/\/pac-inmatriculari.ro\/wp-content\/uploads\/2025\/05\/IMG_0065-1536x1152.jpg 1536w, https:\/\/pac-inmatriculari.ro\/wp-content\/uploads\/2025\/05\/IMG_0065-2048x1536.jpg 2048w\" sizes=\"(max-width: 800px) 100vw, 800px\" \/>\t\t\t\t\t\t\t\t<\/a>\n\t\t\t\t\t\t\t\t\t\t\t<figcaption class=\"widget-image-caption wp-caption-text\">Kia Ceed 2017<\/figcaption>\n\t\t\t\t\t\t\t\t\t\t<\/figure>\n\t\t\t\t\t\t\t\t\t<\/div>\n\t\t\t\t<\/div>\n\t\t\t\t\t<\/div>\n\t\t<\/div>\n\t\t\t\t\t<\/div>\n\t\t<\/section>\n\t\t\t\t\t<\/div>\n\t\t<\/div>\n\t\t\t\t\t<\/div>\n\t\t<\/section>\n\t\t\t\t<section class=\"elementor-section elementor-top-section elementor-element elementor-element-6d4cf6d elementor-section-boxed elementor-section-height-default elementor-section-height-default\" data-id=\"6d4cf6d\" data-element_type=\"section\" data-e-type=\"section\">\n\t\t\t\t\t\t<div class=\"elementor-container elementor-column-gap-default\">\n\t\t\t\t\t<div class=\"elementor-column elementor-col-50 elementor-top-column elementor-element elementor-element-f32a9a7\" data-id=\"f32a9a7\" data-element_type=\"column\" data-e-type=\"column\">\n\t\t\t<div class=\"elementor-widget-wrap elementor-element-populated\">\n\t\t\t\t\t\t<section class=\"elementor-section elementor-inner-section elementor-element elementor-element-ef7e627 elementor-section-boxed elementor-section-height-default elementor-section-height-default\" data-id=\"ef7e627\" data-element_type=\"section\" data-e-type=\"section\">\n\t\t\t\t\t\t<div class=\"elementor-container elementor-column-gap-default\">\n\t\t\t\t\t<div class=\"elementor-column elementor-col-50 elementor-inner-column elementor-element elementor-element-3ded88e\" data-id=\"3ded88e\" data-element_type=\"column\" data-e-type=\"column\">\n\t\t\t<div class=\"elementor-widget-wrap elementor-element-populated\">\n\t\t\t\t\t\t<div class=\"elementor-element elementor-element-938b305 elementor-widget elementor-widget-image\" data-id=\"938b305\" data-element_type=\"widget\" data-e-type=\"widget\" data-widget_type=\"image.default\">\n\t\t\t\t<div class=\"elementor-widget-container\">\n\t\t\t\t\t\t\t\t\t\t\t\t<figure class=\"wp-caption\">\n\t\t\t\t\t\t\t\t\t\t\t<a href=\"https:\/\/pac-inmatriculari.ro\/wp-content\/uploads\/2025\/05\/IMG-20250502-WA0029.jpg\" data-elementor-open-lightbox=\"yes\" data-elementor-lightbox-title=\"IMG-20250502-WA0029\" data-e-action-hash=\"#elementor-action%3Aaction%3Dlightbox%26settings%3DeyJpZCI6MjEwNCwidXJsIjoiaHR0cHM6XC9cL3BhYy1pbm1hdHJpY3VsYXJpLnJvXC93cC1jb250ZW50XC91cGxvYWRzXC8yMDI1XC8wNVwvSU1HLTIwMjUwNTAyLVdBMDAyOS5qcGcifQ%3D%3D\">\n\t\t\t\t\t\t\t<img loading=\"lazy\" decoding=\"async\" width=\"800\" height=\"600\" src=\"https:\/\/pac-inmatriculari.ro\/wp-content\/uploads\/2025\/05\/IMG-20250502-WA0029-1024x768.jpg\" class=\"attachment-large size-large wp-image-2104\" alt=\"\" srcset=\"https:\/\/pac-inmatriculari.ro\/wp-content\/uploads\/2025\/05\/IMG-20250502-WA0029-1024x768.jpg 1024w, https:\/\/pac-inmatriculari.ro\/wp-content\/uploads\/2025\/05\/IMG-20250502-WA0029-300x225.jpg 300w, https:\/\/pac-inmatriculari.ro\/wp-content\/uploads\/2025\/05\/IMG-20250502-WA0029-768x576.jpg 768w, https:\/\/pac-inmatriculari.ro\/wp-content\/uploads\/2025\/05\/IMG-20250502-WA0029-1536x1152.jpg 1536w, https:\/\/pac-inmatriculari.ro\/wp-content\/uploads\/2025\/05\/IMG-20250502-WA0029-16x12.jpg 16w, https:\/\/pac-inmatriculari.ro\/wp-content\/uploads\/2025\/05\/IMG-20250502-WA0029.jpg 2048w\" sizes=\"(max-width: 800px) 100vw, 800px\" \/>\t\t\t\t\t\t\t\t<\/a>\n\t\t\t\t\t\t\t\t\t\t\t<figcaption class=\"widget-image-caption wp-caption-text\">Skoda Rapid 2016<\/figcaption>\n\t\t\t\t\t\t\t\t\t\t<\/figure>\n\t\t\t\t\t\t\t\t\t<\/div>\n\t\t\t\t<\/div>\n\t\t\t\t\t<\/div>\n\t\t<\/div>\n\t\t\t\t<div class=\"elementor-column elementor-col-50 elementor-inner-column elementor-element elementor-element-bba3f6e\" data-id=\"bba3f6e\" data-element_type=\"column\" data-e-type=\"column\">\n\t\t\t<div class=\"elementor-widget-wrap elementor-element-populated\">\n\t\t\t\t\t\t<div class=\"elementor-element elementor-element-145c523 elementor-widget elementor-widget-image\" data-id=\"145c523\" data-element_type=\"widget\" data-e-type=\"widget\" data-widget_type=\"image.default\">\n\t\t\t\t<div class=\"elementor-widget-container\">\n\t\t\t\t\t\t\t\t\t\t\t\t<figure class=\"wp-caption\">\n\t\t\t\t\t\t\t\t\t\t\t<a href=\"https:\/\/pac-inmatriculari.ro\/wp-content\/uploads\/2025\/05\/1-1.jpg\" data-elementor-open-lightbox=\"yes\" data-elementor-lightbox-title=\"1\" data-e-action-hash=\"#elementor-action%3Aaction%3Dlightbox%26settings%3DeyJpZCI6MjEwNSwidXJsIjoiaHR0cHM6XC9cL3BhYy1pbm1hdHJpY3VsYXJpLnJvXC93cC1jb250ZW50XC91cGxvYWRzXC8yMDI1XC8wNVwvMS0xLmpwZyJ9\">\n\t\t\t\t\t\t\t<img loading=\"lazy\" decoding=\"async\" width=\"800\" height=\"600\" src=\"https:\/\/pac-inmatriculari.ro\/wp-content\/uploads\/2025\/05\/1-1-1024x768.jpg\" class=\"attachment-large size-large wp-image-2105\" alt=\"\" srcset=\"https:\/\/pac-inmatriculari.ro\/wp-content\/uploads\/2025\/05\/1-1-1024x768.jpg 1024w, https:\/\/pac-inmatriculari.ro\/wp-content\/uploads\/2025\/05\/1-1-300x225.jpg 300w, https:\/\/pac-inmatriculari.ro\/wp-content\/uploads\/2025\/05\/1-1-768x576.jpg 768w, https:\/\/pac-inmatriculari.ro\/wp-content\/uploads\/2025\/05\/1-1-1536x1152.jpg 1536w, https:\/\/pac-inmatriculari.ro\/wp-content\/uploads\/2025\/05\/1-1-16x12.jpg 16w, https:\/\/pac-inmatriculari.ro\/wp-content\/uploads\/2025\/05\/1-1.jpg 2048w\" sizes=\"(max-width: 800px) 100vw, 800px\" \/>\t\t\t\t\t\t\t\t<\/a>\n\t\t\t\t\t\t\t\t\t\t\t<figcaption class=\"widget-image-caption wp-caption-text\">MG HS 2025<\/figcaption>\n\t\t\t\t\t\t\t\t\t\t<\/figure>\n\t\t\t\t\t\t\t\t\t<\/div>\n\t\t\t\t<\/div>\n\t\t\t\t\t<\/div>\n\t\t<\/div>\n\t\t\t\t\t<\/div>\n\t\t<\/section>\n\t\t\t\t\t<\/div>\n\t\t<\/div>\n\t\t\t\t<div class=\"elementor-column elementor-col-50 elementor-top-column elementor-element elementor-element-c73caf6\" data-id=\"c73caf6\" data-element_type=\"column\" data-e-type=\"column\">\n\t\t\t<div class=\"elementor-widget-wrap elementor-element-populated\">\n\t\t\t\t\t\t<section class=\"elementor-section elementor-inner-section elementor-element elementor-element-1800d8f elementor-section-boxed elementor-section-height-default elementor-section-height-default\" data-id=\"1800d8f\" data-element_type=\"section\" data-e-type=\"section\">\n\t\t\t\t\t\t<div class=\"elementor-container elementor-column-gap-default\">\n\t\t\t\t\t<div class=\"elementor-column elementor-col-50 elementor-inner-column elementor-element elementor-element-8848286\" data-id=\"8848286\" data-element_type=\"column\" data-e-type=\"column\">\n\t\t\t<div class=\"elementor-widget-wrap elementor-element-populated\">\n\t\t\t\t\t\t<div class=\"elementor-element elementor-element-05fa457 elementor-widget elementor-widget-image\" data-id=\"05fa457\" data-element_type=\"widget\" data-e-type=\"widget\" data-widget_type=\"image.default\">\n\t\t\t\t<div class=\"elementor-widget-container\">\n\t\t\t\t\t\t\t\t\t\t\t\t<figure class=\"wp-caption\">\n\t\t\t\t\t\t\t\t\t\t\t<a href=\"https:\/\/pac-inmatriculari.ro\/wp-content\/uploads\/2025\/05\/IMG_3824-scaled.jpg\" data-elementor-open-lightbox=\"yes\" data-elementor-lightbox-title=\"IMG_3824\" data-e-action-hash=\"#elementor-action%3Aaction%3Dlightbox%26settings%3DeyJpZCI6MjEwNiwidXJsIjoiaHR0cHM6XC9cL3BhYy1pbm1hdHJpY3VsYXJpLnJvXC93cC1jb250ZW50XC91cGxvYWRzXC8yMDI1XC8wNVwvSU1HXzM4MjQtc2NhbGVkLmpwZyJ9\">\n\t\t\t\t\t\t\t<img loading=\"lazy\" decoding=\"async\" width=\"800\" height=\"600\" src=\"https:\/\/pac-inmatriculari.ro\/wp-content\/uploads\/2025\/05\/IMG_3824-1024x768.jpg\" class=\"attachment-large size-large wp-image-2106\" alt=\"\" srcset=\"https:\/\/pac-inmatriculari.ro\/wp-content\/uploads\/2025\/05\/IMG_3824-1024x768.jpg 1024w, https:\/\/pac-inmatriculari.ro\/wp-content\/uploads\/2025\/05\/IMG_3824-300x225.jpg 300w, https:\/\/pac-inmatriculari.ro\/wp-content\/uploads\/2025\/05\/IMG_3824-768x576.jpg 768w, https:\/\/pac-inmatriculari.ro\/wp-content\/uploads\/2025\/05\/IMG_3824-1536x1152.jpg 1536w, https:\/\/pac-inmatriculari.ro\/wp-content\/uploads\/2025\/05\/IMG_3824-2048x1536.jpg 2048w, https:\/\/pac-inmatriculari.ro\/wp-content\/uploads\/2025\/05\/IMG_3824-16x12.jpg 16w\" sizes=\"(max-width: 800px) 100vw, 800px\" \/>\t\t\t\t\t\t\t\t<\/a>\n\t\t\t\t\t\t\t\t\t\t\t<figcaption class=\"widget-image-caption wp-caption-text\">Dacia Logan 2018<\/figcaption>\n\t\t\t\t\t\t\t\t\t\t<\/figure>\n\t\t\t\t\t\t\t\t\t<\/div>\n\t\t\t\t<\/div>\n\t\t\t\t\t<\/div>\n\t\t<\/div>\n\t\t\t\t<div class=\"elementor-column elementor-col-50 elementor-inner-column elementor-element elementor-element-59858e5\" data-id=\"59858e5\" data-element_type=\"column\" data-e-type=\"column\">\n\t\t\t<div class=\"elementor-widget-wrap elementor-element-populated\">\n\t\t\t\t\t\t<div class=\"elementor-element elementor-element-089a6b6 elementor-widget elementor-widget-image\" data-id=\"089a6b6\" data-element_type=\"widget\" data-e-type=\"widget\" data-widget_type=\"image.default\">\n\t\t\t\t<div class=\"elementor-widget-container\">\n\t\t\t\t\t\t\t\t\t\t\t\t<figure class=\"wp-caption\">\n\t\t\t\t\t\t\t\t\t\t\t<a href=\"https:\/\/pac-inmatriculari.ro\/wp-content\/uploads\/2025\/05\/IMG-20241111-WA0005.jpg\" data-elementor-open-lightbox=\"yes\" data-elementor-lightbox-title=\"IMG-20241111-WA0005\" data-e-action-hash=\"#elementor-action%3Aaction%3Dlightbox%26settings%3DeyJpZCI6MjEwNywidXJsIjoiaHR0cHM6XC9cL3BhYy1pbm1hdHJpY3VsYXJpLnJvXC93cC1jb250ZW50XC91cGxvYWRzXC8yMDI1XC8wNVwvSU1HLTIwMjQxMTExLVdBMDAwNS5qcGcifQ%3D%3D\">\n\t\t\t\t\t\t\t<img loading=\"lazy\" decoding=\"async\" width=\"800\" height=\"600\" src=\"https:\/\/pac-inmatriculari.ro\/wp-content\/uploads\/2025\/05\/IMG-20241111-WA0005-1024x768.jpg\" class=\"attachment-large size-large wp-image-2107\" alt=\"\" srcset=\"https:\/\/pac-inmatriculari.ro\/wp-content\/uploads\/2025\/05\/IMG-20241111-WA0005-1024x768.jpg 1024w, https:\/\/pac-inmatriculari.ro\/wp-content\/uploads\/2025\/05\/IMG-20241111-WA0005-300x225.jpg 300w, https:\/\/pac-inmatriculari.ro\/wp-content\/uploads\/2025\/05\/IMG-20241111-WA0005-768x576.jpg 768w, https:\/\/pac-inmatriculari.ro\/wp-content\/uploads\/2025\/05\/IMG-20241111-WA0005-1536x1152.jpg 1536w, https:\/\/pac-inmatriculari.ro\/wp-content\/uploads\/2025\/05\/IMG-20241111-WA0005-16x12.jpg 16w, https:\/\/pac-inmatriculari.ro\/wp-content\/uploads\/2025\/05\/IMG-20241111-WA0005.jpg 2048w\" sizes=\"(max-width: 800px) 100vw, 800px\" \/>\t\t\t\t\t\t\t\t<\/a>\n\t\t\t\t\t\t\t\t\t\t\t<figcaption class=\"widget-image-caption wp-caption-text\">Renault Megane 2016<\/figcaption>\n\t\t\t\t\t\t\t\t\t\t<\/figure>\n\t\t\t\t\t\t\t\t\t<\/div>\n\t\t\t\t<\/div>\n\t\t\t\t\t<\/div>\n\t\t<\/div>\n\t\t\t\t\t<\/div>\n\t\t<\/section>\n\t\t\t\t\t<\/div>\n\t\t<\/div>\n\t\t\t\t\t<\/div>\n\t\t<\/section>\n\t\t\t\t<section class=\"elementor-section elementor-top-section elementor-element elementor-element-5bbe0bb elementor-section-boxed elementor-section-height-default elementor-section-height-default\" data-id=\"5bbe0bb\" data-element_type=\"section\" data-e-type=\"section\">\n\t\t\t\t\t\t<div class=\"elementor-container elementor-column-gap-default\">\n\t\t\t\t\t<div class=\"elementor-column elementor-col-100 elementor-top-column elementor-element elementor-element-ef992e1\" data-id=\"ef992e1\" data-element_type=\"column\" data-e-type=\"column\">\n\t\t\t<div class=\"elementor-widget-wrap elementor-element-populated\">\n\t\t\t\t\t\t<div class=\"elementor-element elementor-element-cbfc647 elementor-widget elementor-widget-text-editor\" data-id=\"cbfc647\" data-element_type=\"widget\" data-e-type=\"widget\" data-widget_type=\"text-editor.default\">\n\t\t\t\t<div class=\"elementor-widget-container\">\n\t\t\t\t\t\t\t\t\t<section class=\"inchiriere-auto-modern\">\n  <h2>\ud83d\ude98 Car Rental in Bra\u0219ov, including Ghimbav Airport<\/h2>\n\n  <p class=\"intro\">\n    <strong>Professional Auto Claims<\/strong> v\u0103 ofer\u0103 servicii premium de \u00eenchiriere auto \u00een Bra\u0219ov,\n    adaptate nevoilor dumneavoastr\u0103, indiferent dac\u0103 ajunge\u021bi la gar\u0103, aeroport sau \u00een centrul ora\u0219ului.\n  <\/p>\n\n  <p class=\"intro\">\n    Rezervarea este rapid\u0103 \u0219i u\u0219oar\u0103 \u2013 completa\u021bi\n    <a class=\"text-link\" href=\"\/en\/contact\/\">our quote request form<\/a>\n    \u0219i ve\u021bi primi \u00een scurt timp confirmarea detaliat\u0103.\n  <\/p>\n\n  <p class=\"phone-line\">\n    \ud83d\udcde Preferi rezervarea telefonic\u0103?\n    <a class=\"tel-link\" href=\"tel:+40753719386\">0753 719 386<\/a>\n  <\/p>\n\n  <h3>\u2714\ufe0f Why choose PAC Car Rental?<\/h3>\n\n  <ul class=\"beneficii-lista\">\n    <li><strong>Competitive rates:<\/strong> f\u0103r\u0103 costuri ascunse<\/li>\n    <li><strong>Professional assistance:<\/strong> suport complet pe durata \u00eenchirierii<\/li>\n    <li><strong>Flexible services:<\/strong> termen scurt \/ lung, ora\u0219 sau aeroport<\/li>\n  <\/ul>\n\n  <a class=\"btn-inchiriere\" href=\"\/en\/contact\/\">\ud83d\udcf2 Rezerv\u0103 acum sau cere informa\u021bii<\/a>\n\n  <div class=\"contact-info\">\n    <p><strong>\ud83c\udf10 Website:<\/strong>\n      <a href=\"https:\/\/inchirieriauto-brasov.ro\/\" target=\"_blank\" rel=\"noopener\">\n        inchirieriauto-brasov.ro\n      <\/a>\n    <\/p>\n\n    <p><strong>\ud83d\udce7 Email:<\/strong>\n      <a href=\"mailto:office@inchirieriauto-brasov.ro\">\n        office@inchirieriauto-brasov.ro\n      <\/a>\n    <\/p>\n\n    <p><strong>\ud83d\udcd8 Facebook:<\/strong>\n      <a href=\"https:\/\/www.facebook.com\/PACinchirieri\" target=\"_blank\" rel=\"noopener\">\n        facebook.com\/PACinchirieri\n      <\/a>\n    <\/p>\n  <\/div>\n<\/section>\n\n<style>\n:root{\n  --verde-inchis:#175D57;\n  --verde-deschis:#23A79C;\n  --negru:#060709;\n  --gri:#FAFAFA;\n  --alb:#ffffff;\n}\n\n\/* Sectiune *\/\n.inchiriere-auto-modern{\n  background:\n    radial-gradient(circle at 10% 10%, rgba(35,167,156,0.12), transparent 40%),\n    linear-gradient(135deg, var(--gri), var(--alb));\n  padding: 70px 20px;\n  text-align: center;\n  font-family: 'Segoe UI', sans-serif;\n  color: var(--negru);\n  max-width: 1000px;\n  margin: 40px auto;\n  border-radius: 18px;\n  box-shadow: 0 12px 30px rgba(0,0,0,0.06);\n}\n\n\/* Titlu *\/\n.inchiriere-auto-modern h2{\n  font-size: 32px;\n  color: var(--verde-inchis);\n  font-weight: 900;\n  margin-bottom: 20px;\n  letter-spacing: -0.5px;\n}\n\n\/* Intro *\/\n.inchiriere-auto-modern .intro{\n  font-size: 16.5px;\n  color: #444;\n  max-width: 820px;\n  margin: 0 auto 16px;\n  line-height: 1.7;\n}\n\n\/* Telefon *\/\n.phone-line{\n  margin: 18px 0 30px;\n  font-size: 17px;\n}\n\n\/* Subtitlu *\/\n.inchiriere-auto-modern h3{\n  font-size: 22px;\n  color: var(--verde-inchis);\n  margin: 40px 0 20px;\n  font-weight: 700;\n}\n\n\/* Beneficii *\/\n.beneficii-lista{\n  list-style: none;\n  padding: 0;\n  margin: 0 auto 35px;\n  max-width: 700px;\n  text-align: left;\n}\n\n.beneficii-lista li{\n  font-size: 16px;\n  margin-bottom: 14px;\n  padding-left: 30px;\n  position: relative;\n}\n\n.beneficii-lista li::before{\n  content:\"\u2714\ufe0f\";\n  position:absolute;\n  left:0;\n  top:0;\n}\n\n\/* Linkuri *\/\n.text-link,\n.tel-link{\n  color: var(--verde-deschis);\n  font-weight: 600;\n  text-decoration: underline;\n}\n\n.text-link:hover,\n.tel-link:hover{\n  color: var(--verde-inchis);\n}\n\n\/* Buton *\/\n.btn-inchiriere{\n  display: inline-block;\n  margin-top: 10px;\n  background-color: var(--verde-deschis);\n  color: #fff;\n  padding: 14px 36px;\n  border-radius: 999px;\n  text-decoration: none;\n  font-weight: 700;\n  font-size: 16px;\n  box-shadow: 0 8px 22px rgba(35,167,156,0.35);\n  transition: background .3s ease, transform .2s ease, box-shadow .2s ease;\n}\n\n.btn-inchiriere:hover{\n  background-color: var(--verde-inchis);\n  transform: translateY(-2px);\n  box-shadow: 0 14px 30px rgba(23,93,87,0.45);\n}\n\n\/* Contact info *\/\n.contact-info{\n  margin-top: 40px;\n  font-size: 15px;\n  color: #333;\n}\n\n.contact-info p{\n  margin-bottom: 8px;\n}\n\n\/* Mobile *\/\n@media (max-width: 600px){\n  .inchiriere-auto-modern h2{ font-size: 26px; }\n  .btn-inchiriere{ width: 100%; }\n}\n<\/style>\n\t\t\t\t\t\t\t\t<\/div>\n\t\t\t\t<\/div>\n\t\t\t\t\t<\/div>\n\t\t<\/div>\n\t\t\t\t\t<\/div>\n\t\t<\/section>\n\t\t\t\t<\/div>","protected":false},"excerpt":{"rendered":"<p>Skoda Fabia 2018 Renault Megane 2016 Dacia Logan 2019 Kia Ceed 2017 Skoda Rapid 2016 MG HS 2025 Dacia Logan 2018 Renault Megane 2016 \ud83d\ude98 \u00cenchiriere Auto \u00een Bra\u0219ov, inclusiv Aeroportul Ghimbav Professional Auto Claims v\u0103 ofer\u0103 servicii premium de \u00eenchiriere auto \u00een Bra\u0219ov, adaptate nevoilor dumneavoastr\u0103, indiferent dac\u0103 ajunge\u021bi [&hellip;]<\/p>\n","protected":false},"author":1,"featured_media":0,"parent":0,"menu_order":0,"comment_status":"closed","ping_status":"closed","template":"","meta":{"footnotes":""},"class_list":["post-1591","page","type-page","status-publish","hentry"],"yoast_head":"<!-- This site is optimized with the Yoast SEO plugin v27.4 - https:\/\/yoast.com\/product\/yoast-seo-wordpress\/ -->\n<title>\u00cenchiriere Auto Bra\u0219ov \u2013 F\u0103r\u0103 Garan\u021bie, Livrare Rapid\u0103 | PAC<\/title>\n<meta name=\"description\" content=\"\u00cenchiriere auto Bra\u0219ov f\u0103r\u0103 garan\u021bie, livrare rapid\u0103 la aeroport sau hotel. Alege PAC pentru servicii rapide \u0219i transparente.\" \/>\n<meta name=\"robots\" content=\"index, follow, max-snippet:-1, max-image-preview:large, max-video-preview:-1\" \/>\n<link rel=\"canonical\" href=\"https:\/\/pac-inmatriculari.ro\/en\/inchiriere-auto\/\" \/>\n<meta property=\"og:locale\" content=\"en_US\" \/>\n<meta property=\"og:type\" content=\"article\" \/>\n<meta property=\"og:title\" content=\"\u00cenchiriere Auto Bra\u0219ov \u2013 F\u0103r\u0103 Garan\u021bie, Livrare Rapid\u0103 | PAC\" \/>\n<meta property=\"og:description\" content=\"\u00cenchiriere auto Bra\u0219ov f\u0103r\u0103 garan\u021bie, livrare rapid\u0103 la aeroport sau hotel. Alege PAC pentru servicii rapide \u0219i transparente.\" \/>\n<meta property=\"og:url\" content=\"https:\/\/pac-inmatriculari.ro\/en\/inchiriere-auto\/\" \/>\n<meta property=\"og:site_name\" content=\"PAC - Inmatriculari Brasov\" \/>\n<meta property=\"article:publisher\" content=\"https:\/\/www.facebook.com\/InmatriculariAutoBrasov\" \/>\n<meta property=\"article:modified_time\" content=\"2026-01-24T10:08:26+00:00\" \/>\n<meta property=\"og:image\" content=\"https:\/\/pac-inmatriculari.ro\/wp-content\/uploads\/2023\/11\/IMG-20230421-WA0049.jpg\" \/>\n\t<meta property=\"og:image:width\" content=\"2048\" \/>\n\t<meta property=\"og:image:height\" content=\"1536\" \/>\n\t<meta property=\"og:image:type\" content=\"image\/jpeg\" \/>\n<meta name=\"twitter:card\" content=\"summary_large_image\" \/>\n<meta name=\"twitter:label1\" content=\"Est. reading time\" \/>\n\t<meta name=\"twitter:data1\" content=\"4 minutes\" \/>\n<script type=\"application\/ld+json\" class=\"yoast-schema-graph\">{\"@context\":\"https:\\\/\\\/schema.org\",\"@graph\":[{\"@type\":\"WebPage\",\"@id\":\"https:\\\/\\\/pac-inmatriculari.ro\\\/inchiriere-auto\\\/\",\"url\":\"https:\\\/\\\/pac-inmatriculari.ro\\\/inchiriere-auto\\\/\",\"name\":\"\u00cenchiriere Auto Bra\u0219ov \u2013 F\u0103r\u0103 Garan\u021bie, Livrare Rapid\u0103 | PAC\",\"isPartOf\":{\"@id\":\"https:\\\/\\\/pac-inmatriculari.ro\\\/#website\"},\"primaryImageOfPage\":{\"@id\":\"https:\\\/\\\/pac-inmatriculari.ro\\\/inchiriere-auto\\\/#primaryimage\"},\"image\":{\"@id\":\"https:\\\/\\\/pac-inmatriculari.ro\\\/inchiriere-auto\\\/#primaryimage\"},\"thumbnailUrl\":\"https:\\\/\\\/pac-inmatriculari.ro\\\/wp-content\\\/uploads\\\/2023\\\/11\\\/IMG-20230421-WA0049-1024x768.jpg\",\"datePublished\":\"2023-04-29T09:15:08+00:00\",\"dateModified\":\"2026-01-24T10:08:26+00:00\",\"description\":\"\u00cenchiriere auto Bra\u0219ov f\u0103r\u0103 garan\u021bie, livrare rapid\u0103 la aeroport sau hotel. Alege PAC pentru servicii rapide \u0219i transparente.\",\"breadcrumb\":{\"@id\":\"https:\\\/\\\/pac-inmatriculari.ro\\\/inchiriere-auto\\\/#breadcrumb\"},\"inLanguage\":\"en-US\",\"potentialAction\":[{\"@type\":\"ReadAction\",\"target\":[\"https:\\\/\\\/pac-inmatriculari.ro\\\/inchiriere-auto\\\/\"]}]},{\"@type\":\"ImageObject\",\"inLanguage\":\"en-US\",\"@id\":\"https:\\\/\\\/pac-inmatriculari.ro\\\/inchiriere-auto\\\/#primaryimage\",\"url\":\"https:\\\/\\\/pac-inmatriculari.ro\\\/wp-content\\\/uploads\\\/2023\\\/11\\\/IMG-20230421-WA0049-1024x768.jpg\",\"contentUrl\":\"https:\\\/\\\/pac-inmatriculari.ro\\\/wp-content\\\/uploads\\\/2023\\\/11\\\/IMG-20230421-WA0049-1024x768.jpg\"},{\"@type\":\"BreadcrumbList\",\"@id\":\"https:\\\/\\\/pac-inmatriculari.ro\\\/inchiriere-auto\\\/#breadcrumb\",\"itemListElement\":[{\"@type\":\"ListItem\",\"position\":1,\"name\":\"Prima pagin\u0103\",\"item\":\"https:\\\/\\\/pac-inmatriculari.ro\\\/\"},{\"@type\":\"ListItem\",\"position\":2,\"name\":\"Inchiriere auto\"}]},{\"@type\":\"WebSite\",\"@id\":\"https:\\\/\\\/pac-inmatriculari.ro\\\/#website\",\"url\":\"https:\\\/\\\/pac-inmatriculari.ro\\\/\",\"name\":\"PAC - Inmatriculari Brasov\",\"description\":\"Inmatriculari auto Brasov\",\"publisher\":{\"@id\":\"https:\\\/\\\/pac-inmatriculari.ro\\\/#organization\"},\"potentialAction\":[{\"@type\":\"SearchAction\",\"target\":{\"@type\":\"EntryPoint\",\"urlTemplate\":\"https:\\\/\\\/pac-inmatriculari.ro\\\/?s={search_term_string}\"},\"query-input\":{\"@type\":\"PropertyValueSpecification\",\"valueRequired\":true,\"valueName\":\"search_term_string\"}}],\"inLanguage\":\"en-US\"},{\"@type\":\"Organization\",\"@id\":\"https:\\\/\\\/pac-inmatriculari.ro\\\/#organization\",\"name\":\"PAC - Inmatriculari Brasov\",\"url\":\"https:\\\/\\\/pac-inmatriculari.ro\\\/\",\"logo\":{\"@type\":\"ImageObject\",\"inLanguage\":\"en-US\",\"@id\":\"https:\\\/\\\/pac-inmatriculari.ro\\\/#\\\/schema\\\/logo\\\/image\\\/\",\"url\":\"https:\\\/\\\/pac-inmatriculari.ro\\\/wp-content\\\/uploads\\\/2020\\\/08\\\/cropped-pac-logo.png\",\"contentUrl\":\"https:\\\/\\\/pac-inmatriculari.ro\\\/wp-content\\\/uploads\\\/2020\\\/08\\\/cropped-pac-logo.png\",\"width\":584,\"height\":584,\"caption\":\"PAC - Inmatriculari Brasov\"},\"image\":{\"@id\":\"https:\\\/\\\/pac-inmatriculari.ro\\\/#\\\/schema\\\/logo\\\/image\\\/\"},\"sameAs\":[\"https:\\\/\\\/www.facebook.com\\\/InmatriculariAutoBrasov\"]}]}<\/script>\n<!-- \/ Yoast SEO plugin. -->","yoast_head_json":{"title":"\u00cenchiriere Auto Bra\u0219ov \u2013 F\u0103r\u0103 Garan\u021bie, Livrare Rapid\u0103 | PAC","description":"\u00cenchiriere auto Bra\u0219ov f\u0103r\u0103 garan\u021bie, livrare rapid\u0103 la aeroport sau hotel. Alege PAC pentru servicii rapide \u0219i transparente.","robots":{"index":"index","follow":"follow","max-snippet":"max-snippet:-1","max-image-preview":"max-image-preview:large","max-video-preview":"max-video-preview:-1"},"canonical":"https:\/\/pac-inmatriculari.ro\/en\/inchiriere-auto\/","og_locale":"en_US","og_type":"article","og_title":"\u00cenchiriere Auto Bra\u0219ov \u2013 F\u0103r\u0103 Garan\u021bie, Livrare Rapid\u0103 | PAC","og_description":"\u00cenchiriere auto Bra\u0219ov f\u0103r\u0103 garan\u021bie, livrare rapid\u0103 la aeroport sau hotel. Alege PAC pentru servicii rapide \u0219i transparente.","og_url":"https:\/\/pac-inmatriculari.ro\/en\/inchiriere-auto\/","og_site_name":"PAC - Inmatriculari Brasov","article_publisher":"https:\/\/www.facebook.com\/InmatriculariAutoBrasov","article_modified_time":"2026-01-24T10:08:26+00:00","og_image":[{"width":2048,"height":1536,"url":"https:\/\/pac-inmatriculari.ro\/wp-content\/uploads\/2023\/11\/IMG-20230421-WA0049.jpg","type":"image\/jpeg"}],"twitter_card":"summary_large_image","twitter_misc":{"Est. reading time":"4 minutes"},"schema":{"@context":"https:\/\/schema.org","@graph":[{"@type":"WebPage","@id":"https:\/\/pac-inmatriculari.ro\/inchiriere-auto\/","url":"https:\/\/pac-inmatriculari.ro\/inchiriere-auto\/","name":"\u00cenchiriere Auto Bra\u0219ov \u2013 F\u0103r\u0103 Garan\u021bie, Livrare Rapid\u0103 | PAC","isPartOf":{"@id":"https:\/\/pac-inmatriculari.ro\/#website"},"primaryImageOfPage":{"@id":"https:\/\/pac-inmatriculari.ro\/inchiriere-auto\/#primaryimage"},"image":{"@id":"https:\/\/pac-inmatriculari.ro\/inchiriere-auto\/#primaryimage"},"thumbnailUrl":"https:\/\/pac-inmatriculari.ro\/wp-content\/uploads\/2023\/11\/IMG-20230421-WA0049-1024x768.jpg","datePublished":"2023-04-29T09:15:08+00:00","dateModified":"2026-01-24T10:08:26+00:00","description":"\u00cenchiriere auto Bra\u0219ov f\u0103r\u0103 garan\u021bie, livrare rapid\u0103 la aeroport sau hotel. Alege PAC pentru servicii rapide \u0219i transparente.","breadcrumb":{"@id":"https:\/\/pac-inmatriculari.ro\/inchiriere-auto\/#breadcrumb"},"inLanguage":"en-US","potentialAction":[{"@type":"ReadAction","target":["https:\/\/pac-inmatriculari.ro\/inchiriere-auto\/"]}]},{"@type":"ImageObject","inLanguage":"en-US","@id":"https:\/\/pac-inmatriculari.ro\/inchiriere-auto\/#primaryimage","url":"https:\/\/pac-inmatriculari.ro\/wp-content\/uploads\/2023\/11\/IMG-20230421-WA0049-1024x768.jpg","contentUrl":"https:\/\/pac-inmatriculari.ro\/wp-content\/uploads\/2023\/11\/IMG-20230421-WA0049-1024x768.jpg"},{"@type":"BreadcrumbList","@id":"https:\/\/pac-inmatriculari.ro\/inchiriere-auto\/#breadcrumb","itemListElement":[{"@type":"ListItem","position":1,"name":"Prima pagin\u0103","item":"https:\/\/pac-inmatriculari.ro\/"},{"@type":"ListItem","position":2,"name":"Inchiriere auto"}]},{"@type":"WebSite","@id":"https:\/\/pac-inmatriculari.ro\/#website","url":"https:\/\/pac-inmatriculari.ro\/","name":"PAC - Inmatriculari Brasov","description":"Inmatriculari auto Brasov","publisher":{"@id":"https:\/\/pac-inmatriculari.ro\/#organization"},"potentialAction":[{"@type":"SearchAction","target":{"@type":"EntryPoint","urlTemplate":"https:\/\/pac-inmatriculari.ro\/?s={search_term_string}"},"query-input":{"@type":"PropertyValueSpecification","valueRequired":true,"valueName":"search_term_string"}}],"inLanguage":"en-US"},{"@type":"Organization","@id":"https:\/\/pac-inmatriculari.ro\/#organization","name":"PAC - Inmatriculari Brasov","url":"https:\/\/pac-inmatriculari.ro\/","logo":{"@type":"ImageObject","inLanguage":"en-US","@id":"https:\/\/pac-inmatriculari.ro\/#\/schema\/logo\/image\/","url":"https:\/\/pac-inmatriculari.ro\/wp-content\/uploads\/2020\/08\/cropped-pac-logo.png","contentUrl":"https:\/\/pac-inmatriculari.ro\/wp-content\/uploads\/2020\/08\/cropped-pac-logo.png","width":584,"height":584,"caption":"PAC - Inmatriculari Brasov"},"image":{"@id":"https:\/\/pac-inmatriculari.ro\/#\/schema\/logo\/image\/"},"sameAs":["https:\/\/www.facebook.com\/InmatriculariAutoBrasov"]}]}},"_links":{"self":[{"href":"https:\/\/pac-inmatriculari.ro\/en\/wp-json\/wp\/v2\/pages\/1591","targetHints":{"allow":["GET"]}}],"collection":[{"href":"https:\/\/pac-inmatriculari.ro\/en\/wp-json\/wp\/v2\/pages"}],"about":[{"href":"https:\/\/pac-inmatriculari.ro\/en\/wp-json\/wp\/v2\/types\/page"}],"author":[{"embeddable":true,"href":"https:\/\/pac-inmatriculari.ro\/en\/wp-json\/wp\/v2\/users\/1"}],"replies":[{"embeddable":true,"href":"https:\/\/pac-inmatriculari.ro\/en\/wp-json\/wp\/v2\/comments?post=1591"}],"version-history":[{"count":63,"href":"https:\/\/pac-inmatriculari.ro\/en\/wp-json\/wp\/v2\/pages\/1591\/revisions"}],"predecessor-version":[{"id":3174,"href":"https:\/\/pac-inmatriculari.ro\/en\/wp-json\/wp\/v2\/pages\/1591\/revisions\/3174"}],"wp:attachment":[{"href":"https:\/\/pac-inmatriculari.ro\/en\/wp-json\/wp\/v2\/media?parent=1591"}],"curies":[{"name":"wp","href":"https:\/\/api.w.org\/{rel}","templated":true}]}}